{"id":1224,"date":"2017-01-16T22:13:01","date_gmt":"2017-01-16T22:13:01","guid":{"rendered":"http:\/\/salacela.net\/es\/?post_type=portfolio&#038;p=1224"},"modified":"2018-03-04T20:59:39","modified_gmt":"2018-03-04T20:59:39","slug":"tareas-no-16","status":"publish","type":"portfolio","link":"http:\/\/salacela.net\/es\/portfolio\/tareas-no-16\/","title":{"rendered":"Tareas No. 16"},"content":{"rendered":"<div class=\"wpb-content-wrapper\"><p>[vc_row][vc_column][vc_column_text]<\/p>\n<div><strong>Temas Nacionales<\/strong><\/div>\n<ul>\n<li>\n<div>Dalva Figueroa; Lisandro Barahona:\u00a0<strong>\u201cLas Luchas Pol\u00edticas en Panam\u00e1 durante la Segunda Mitad del Siglo XIX\u201d &#8211;\u00a0<a href=\"http:\/\/www.salacela.net\/pdf\/16\/articulo1.pdf\" target=\"_blank\" rel=\"noopener\"><span style=\"color: #4682b4;\">ver<\/span><\/a><\/strong><\/div>\n<\/li>\n<li>\n<div>Pedro Salazar Chambers:\u00a0<strong>\u201cEl Desarrollo Integral de la Regi\u00f3n Metropolitana de Panam\u00e1\u201d &#8211;\u00a0<a href=\"http:\/\/www.salacela.net\/pdf\/16\/articulo2.pdf\" target=\"_blank\" rel=\"noopener\"><span style=\"color: #4682b4;\">ver<\/span><\/a><\/strong><\/div>\n<\/li>\n<li>\n<div>Erasmo de la Guardia:\u00a0<strong>\u201c\u00daltima Advertencia\u201d &#8211;\u00a0<a href=\"http:\/\/www.salacela.net\/pdf\/16\/articulo3.pdf\" target=\"_blank\" rel=\"noopener\"><span style=\"color: #4682b4;\">ver<\/span><\/a><\/strong><\/div>\n<\/li>\n<\/ul>\n<div><strong>Estudios<\/strong><\/div>\n<ul>\n<li>\n<div>V\u00edctor \u00c1vila:\u00a0<strong>\u201cLos Problemas \u00c9ticos en el Fed\u00f3n\u201d &#8211;\u00a0<a href=\"http:\/\/www.salacela.net\/pdf\/16\/articulo4.pdf\" target=\"_blank\" rel=\"noopener\"><span style=\"color: #4682b4;\">ver<\/span><\/a><\/strong><\/div>\n<\/li>\n<li>\n<div>Mois\u00e9s Chong M. :\u00a0<strong>\u00abAn\u00e1lisis de las Ideas Filos\u00f3ficas\u201d &#8211;\u00a0<a href=\"http:\/\/www.salacela.net\/pdf\/16\/articulo5.pdf\" target=\"_blank\" rel=\"noopener\"><span style=\"color: #4682b4;\">ver<\/span><\/a><\/strong><\/div>\n<\/li>\n<li>\n<div>Aura Lescaure de Russo:\u00a0<strong>\u201cProyecciones Actuales de la Geomorfolog\u00eda\u201d &#8211;\u00a0<a href=\"http:\/\/www.salacela.net\/pdf\/16\/articulo6.pdf\" target=\"_blank\" rel=\"noopener\"><span style=\"color: #4682b4;\">ver<\/span><\/a><\/strong><\/div>\n<\/li>\n<\/ul>\n<div><strong>M\u00fasica<\/strong><\/div>\n<ul>\n<li>\n<div>Eduardo Charpentier hijo:\u00a0<strong>\u201cEl Compositor ente la Banda\u201d &#8211;\u00a0<a href=\"http:\/\/www.salacela.net\/pdf\/16\/articulo7.pdf\" target=\"_blank\" rel=\"noopener\"><span style=\"color: #4682b4;\">ver<\/span><\/a><\/strong><\/div>\n<\/li>\n<\/ul>\n<div><strong>Cuento<\/strong><\/div>\n<ul>\n<li>\n<div>Jos\u00e9 de Jes\u00fas Mart\u00ednez :\u00a0<strong>\u00ab Cuentos para Rodar \u00bb &#8211;\u00a0<a href=\"http:\/\/www.salacela.net\/pdf\/16\/articulo8.pdf\" target=\"_blank\" rel=\"noopener\"><span style=\"color: #4682b4;\">ver<\/span><\/a><\/strong><\/div>\n<\/li>\n<li>\n<div>Eustorgio A. Chong Ruiz:\u00a0<strong>\u201cLa Lechona\u201d &#8211;\u00a0<a href=\"http:\/\/www.salacela.net\/pdf\/16\/articulo9.pdf\" target=\"_blank\" rel=\"noopener\"><span style=\"color: #4682b4;\">ver<\/span><\/a><\/strong><\/div>\n<\/li>\n<\/ul>\n<div><strong>Poes\u00eda<\/strong><\/div>\n<ul>\n<li>\n<div>Antonio de Undurraga:\u00a0<strong>\u201cOda y Post Data\u201d &#8211;\u00a0<a href=\"http:\/\/www.salacela.net\/pdf\/16\/articulo10.pdf\" target=\"_blank\" rel=\"noopener\"><span style=\"color: #4682b4;\">ver<\/span><\/a><\/strong><\/div>\n<\/li>\n<\/ul>\n<div><strong>Rese\u00f1as Bibliogr\u00e1ficas<\/strong><\/div>\n<ul>\n<li><strong>\u201cBenedetti y el Canal a Nivel\u201d<\/strong>, Por Federico Tu\u00f1\u00f3n &#8211;\u00a0<a href=\"http:\/\/www.salacela.net\/pdf\/16\/articulo11.pdf\" target=\"_blank\" rel=\"noopener\"><strong><span style=\"color: #4682b4;\">ver<\/span><\/strong><\/a><\/li>\n<li>Desarrollo de las Ideas Filos\u00f3ficas en Costa Rica, de Constantino L\u00e1scaris C. Por I.F.A. &#8211;\u00a0<a href=\"http:\/\/www.salacela.net\/pdf\/16\/articulo11.pdf\" target=\"_blank\" rel=\"noopener\"><strong><span style=\"color: #4682b4;\">ver<\/span><\/strong><\/a><\/li>\n<li>La Doctrina Gramatical de Bello, de Baltasar Isaza Calder\u00f3n. Por V\u00edctor Manuel Arroyo. &#8211;\u00a0<a href=\"http:\/\/www.salacela.net\/pdf\/16\/articulo11.pdf\" target=\"_blank\" rel=\"noopener\"><strong><span style=\"color: #4682b4;\">ver<\/span><\/strong><\/a><\/li>\n<\/ul>\n<p>[\/vc_column_text][\/vc_column][\/vc_row]<\/p>\n<\/div>","protected":false},"excerpt":{"rendered":"<p>[vc_row][vc_column][vc_column_text] Temas Nacionales Dalva Figueroa; Lisandro Barahona:\u00a0\u201cLas Luchas Pol\u00edticas en Panam\u00e1 durante la Segunda Mitad del Siglo XIX\u201d &#8211;\u00a0ver Pedro Salazar Chambers:\u00a0\u201cEl Desarrollo Integral de la Regi\u00f3n Metropolitana de Panam\u00e1\u201d &#8211;\u00a0ver Erasmo de la Guardia:\u00a0\u201c\u00daltima Advertencia\u201d &#8211;\u00a0ver Estudios V\u00edctor \u00c1vila:\u00a0\u201cLos Problemas \u00c9ticos en el Fed\u00f3n\u201d &#8211;\u00a0ver Mois\u00e9s Chong M. :\u00a0\u00abAn\u00e1lisis de las Ideas Filos\u00f3ficas\u201d &#8211;\u00a0ver [&hellip;]<\/p>\n","protected":false},"featured_media":1225,"comment_status":"closed","ping_status":"closed","template":"","meta":{"_exactmetrics_skip_tracking":false,"_exactmetrics_sitenote_active":false,"_exactmetrics_sitenote_note":"","_exactmetrics_sitenote_category":0,"footnotes":""},"portfolio_cat":[12],"portfolio_skills":[],"class_list":["post-1224","portfolio","type-portfolio","status-publish","has-post-thumbnail","hentry","portfolio_cat-tareas"],"_links":{"self":[{"href":"http:\/\/salacela.net\/es\/wp-json\/wp\/v2\/portfolio\/1224","targetHints":{"allow":["GET"]}}],"collection":[{"href":"http:\/\/salacela.net\/es\/wp-json\/wp\/v2\/portfolio"}],"about":[{"href":"http:\/\/salacela.net\/es\/wp-json\/wp\/v2\/types\/portfolio"}],"replies":[{"embeddable":true,"href":"http:\/\/salacela.net\/es\/wp-json\/wp\/v2\/comments?post=1224"}],"version-history":[{"count":0,"href":"http:\/\/salacela.net\/es\/wp-json\/wp\/v2\/portfolio\/1224\/revisions"}],"wp:featuredmedia":[{"embeddable":true,"href":"http:\/\/salacela.net\/es\/wp-json\/wp\/v2\/media\/1225"}],"wp:attachment":[{"href":"http:\/\/salacela.net\/es\/wp-json\/wp\/v2\/media?parent=1224"}],"wp:term":[{"taxonomy":"portfolio_cat","embeddable":true,"href":"http:\/\/salacela.net\/es\/wp-json\/wp\/v2\/portfolio_cat?post=1224"},{"taxonomy":"portfolio_skills","embeddable":true,"href":"http:\/\/salacela.net\/es\/wp-json\/wp\/v2\/portfolio_skills?post=1224"}],"curies":[{"name":"wp","href":"https:\/\/api.w.org\/{rel}","templated":true}]}}